{"version":"1.0","provider_name":"Vox Iuris","provider_url":"https:\/\/voxiuris.com","author_name":"admin","author_url":"https:\/\/voxiuris.com\/index.php\/author\/innovacomp\/","title":"Admisibilidad del caso m\u00e1ximo milagro de Jes\u00fas Gom\u00e9z Serrano - Guatemala en la corte interamericana de los Derechos Humanos - Vox Iuris","type":"rich","width":600,"height":338,"html":"<blockquote class=\"wp-embedded-content\" data-secret=\"dVoUmzy8Tb\"><a href=\"https:\/\/voxiuris.com\/index.php\/2024\/10\/08\/jesus-gomez-serrano-guatemala\/\">Admisibilidad del caso m\u00e1ximo milagro de Jes\u00fas Gom\u00e9z Serrano &#8211; Guatemala en la corte interamericana de los Derechos Humanos<\/a><\/blockquote><iframe sandbox=\"allow-scripts\" security=\"restricted\" src=\"https:\/\/voxiuris.com\/index.php\/2024\/10\/08\/jesus-gomez-serrano-guatemala\/embed\/#?secret=dVoUmzy8Tb\" width=\"600\" height=\"338\" title=\"\u00abAdmisibilidad del caso m\u00e1ximo milagro de Jes\u00fas Gom\u00e9z Serrano &#8211; Guatemala en la corte interamericana de los Derechos Humanos\u00bb \u2014 Vox Iuris\" data-secret=\"dVoUmzy8Tb\" frameborder=\"0\" marginwidth=\"0\" marginheight=\"0\" scrolling=\"no\" class=\"wp-embedded-content\"><\/iframe><script>\n\/*! This file is auto-generated *\/\n!function(d,l){\"use strict\";l.querySelector&&d.addEventListener&&\"undefined\"!=typeof URL&&(d.wp=d.wp||{},d.wp.receiveEmbedMessage||(d.wp.receiveEmbedMessage=function(e){var t=e.data;if((t||t.secret||t.message||t.value)&&!\/[^a-zA-Z0-9]\/.test(t.secret)){for(var s,r,n,a=l.querySelectorAll('iframe[data-secret=\"'+t.secret+'\"]'),o=l.querySelectorAll('blockquote[data-secret=\"'+t.secret+'\"]'),c=new RegExp(\"^https?:$\",\"i\"),i=0;i<o.length;i++)o[i].style.display=\"none\";for(i=0;i<a.length;i++)s=a[i],e.source===s.contentWindow&&(s.removeAttribute(\"style\"),\"height\"===t.message?(1e3<(r=parseInt(t.value,10))?r=1e3:~~r<200&&(r=200),s.height=r):\"link\"===t.message&&(r=new URL(s.getAttribute(\"src\")),n=new URL(t.value),c.test(n.protocol))&&n.host===r.host&&l.activeElement===s&&(d.top.location.href=t.value))}},d.addEventListener(\"message\",d.wp.receiveEmbedMessage,!1),l.addEventListener(\"DOMContentLoaded\",function(){for(var e,t,s=l.querySelectorAll(\"iframe.wp-embedded-content\"),r=0;r<s.length;r++)(t=(e=s[r]).getAttribute(\"data-secret\"))||(t=Math.random().toString(36).substring(2,12),e.src+=\"#?secret=\"+t,e.setAttribute(\"data-secret\",t)),e.contentWindow.postMessage({message:\"ready\",secret:t},\"*\")},!1)))}(window,document);\n\/\/# sourceURL=https:\/\/voxiuris.com\/wp-includes\/js\/wp-embed.min.js\n<\/script>\n","thumbnail_url":"https:\/\/voxiuris.com\/wp-content\/uploads\/2024\/10\/derechos-humanos.webp","thumbnail_width":740,"thumbnail_height":490,"description":"El caso de Maximino Milagro de Jes\u00fas G\u00f3mez Serrano, fue admitido por la Corte Interamericana de Derechos Humanos (Corte IDH, en adelante) para su juzgamiento, el veintinueve de diciembre del a\u00f1o dos mil veintitr\u00e9s. La petici\u00f3n hace referencia a la privaci\u00f3n de libertad durante ocho a\u00f1os de Maximino Milagro de Jes\u00fas G\u00f3mez Serrano, dentro de un proceso penal. La solicitud ante la Comisi\u00f3n Interamericana de Derechos Humanos, fue basada en que el Estado de Guatemala es un Estado parte dentro de la Convenci\u00f3n Americana sobre Derechos Humanos."}